{"id":1762,"date":"2020-05-06T13:28:29","date_gmt":"2020-05-06T11:28:29","guid":{"rendered":"https:\/\/www.monteabellon.com\/comunication\/awards\/"},"modified":"2020-05-06T13:28:30","modified_gmt":"2020-05-06T11:28:30","slug":"awards","status":"publish","type":"page","link":"https:\/\/www.monteabellon.com\/en\/comunication\/awards\/","title":{"rendered":"Awards"},"content":{"rendered":"[vc_row type=&#8221;in_container&#8221; full_screen_row_position=&#8221;middle&#8221; scene_position=&#8221;center&#8221; text_color=&#8221;dark&#8221; text_align=&#8221;left&#8221; overlay_strength=&#8221;0.3&#8243; shape_divider_position=&#8221;bottom&#8221; bg_image_animation=&#8221;none&#8221;][vc_column column_padding=&#8221;no-extra-padding&#8221; column_padding_position=&#8221;all&#8221; background_color_opacity=&#8221;1&#8243; background_hover_color_opacity=&#8221;1&#8243; column_link_target=&#8221;_self&#8221; column_shadow=&#8221;none&#8221; column_border_radius=&#8221;none&#8221; width=&#8221;1\/1&#8243; tablet_width_inherit=&#8221;default&#8221; tablet_text_alignment=&#8221;default&#8221; phone_text_alignment=&#8221;default&#8221; column_border_width=&#8221;none&#8221; column_border_style=&#8221;solid&#8221; bg_image_animation=&#8221;none&#8221;][vc_column_text]\n<h2>Awards<\/h2>\n[\/vc_column_text]\t\n\t<div class=\"row\">\n\t\n\t <div class=\"post-area col featured_img_left span_12 col_last    \" data-ams=\"\" data-remove-post-date=\"\" data-remove-post-author=\"1\" data-remove-post-comment-number=\"1\" data-remove-post-nectar-love=\"\"> <div class=\"posts-container\" data-load-animation=\"none\">\t\t\t\t\n\t\t\t\t\n<article id=\"post-1500\" class=\"regular post-1500 post type-post status-publish format-standard has-post-thumbnail category-premio-en\">\n\n\t<div class=\"inner-wrap animated\">\n\n\t\t<div class=\"post-content\">\n\t\t\t\n\t\t\t\t\t\t\t  \n\n\t\t\t\t\t <div class=\"article-content-wrap\">\n\t\t\t\t\t\t\n\t\t\t\t\t\t<div class=\"post-featured-img-wrap\"> \n\t\t\t\t\t\t\t\n\t\t\t\t\t\t\t\t\t\t\t\t\t\t\t<img decoding=\"async\" src=\"https:\/\/www.monteabellon.com\/wp-content\/uploads\/2019\/01\/Shutter-Club-NY-4-900x600.png\">\n\t\t\t\t\t\t\t\t\t\t\t\t\t\t\t\n\t\t\t\t\t\t<\/div>\n\t\t\t\t\t\t\n\t\t\t\t\t\t<div class=\"post-content-wrap\"> \n\t\t\t\t\t\t\t\t\t\t\t\t\t\t\n\t\t\t\t\t\t\t<span class=\"meta-category\"><a class=\"premio-en\" href=\"https:\/\/www.monteabellon.com\/en\/category\/premio-en\/\">Premio<\/a><\/span>\t\t\t\t\t\t\t<span class=\"date\">May 2020<\/span>\n\t\t\t\t\t\t\t\t\t\t\t\t\t\t\t\t<div class=\"post-header\">\n\n\t\t\t\t\t\t\t\t<h3 class=\"title\">\n\t\t\t\t\t\t\t\t\tGran medalla de oro para Bodegas Monteabellon en los Premios Zarcillo\t\t\t\t\t\t\t\t<\/h3>\n\n\t\t\t\t\t\t\t<\/div><!--\/post-header-->\n\t\t\t\t\t\t\t<div class=\"excerpt\">Finca La Blanquera, Finca Matambres y Monteabell\u00f3n 14 meses galardonados en los Premios Zarcillo 2018.&hellip;<\/div>\n\t\t\t\t\t\t\t<div class=\"button read_more\">\n\t\t\t\t\t\t\t\t<a href=\"https:\/\/www.monteabellon.com\/en\/gran-medalla-de-oro-para-bodegas-monteabellon-en-los-premios-zarcillo\/\">Read more<\/a>\t\t\t\t\t\t\t<\/div>\n\n\t\t\t\t\t<\/div><!--post-content-wrap-->\n\n\t\t\t\t\t<\/div><!--article-content-wrap-->\n\n\t\t\t\t\t\t\t\t\n\t\t<\/div><!--\/post-content-->\n\n\t<\/div><!--\/inner-wrap-->\n\t\t\n<\/article><!--\/article-->\n\t\t\t\t\n\t\t\t\t\n<article id=\"post-1498\" class=\"regular post-1498 post type-post status-publish format-standard has-post-thumbnail category-premio-en\">\n\n\t<div class=\"inner-wrap animated\">\n\n\t\t<div class=\"post-content\">\n\t\t\t\n\t\t\t\t\t\t\t  \n\n\t\t\t\t\t <div class=\"article-content-wrap\">\n\t\t\t\t\t\t\n\t\t\t\t\t\t<div class=\"post-featured-img-wrap\"> \n\t\t\t\t\t\t\t\n\t\t\t\t\t\t\t\t\t\t\t\t\t\t\t<img decoding=\"async\" src=\"https:\/\/www.monteabellon.com\/wp-content\/uploads\/2020\/01\/noticias_mayo-816x600.jpg\">\n\t\t\t\t\t\t\t\t\t\t\t\t\t\t\t\n\t\t\t\t\t\t<\/div>\n\t\t\t\t\t\t\n\t\t\t\t\t\t<div class=\"post-content-wrap\"> \n\t\t\t\t\t\t\t\t\t\t\t\t\t\t\n\t\t\t\t\t\t\t<span class=\"meta-category\"><a class=\"premio-en\" href=\"https:\/\/www.monteabellon.com\/en\/category\/premio-en\/\">Premio<\/a><\/span>\t\t\t\t\t\t\t<span class=\"date\">May 2020<\/span>\n\t\t\t\t\t\t\t\t\t\t\t\t\t\t\t\t<div class=\"post-header\">\n\n\t\t\t\t\t\t\t\t<h3 class=\"title\">\n\t\t\t\t\t\t\t\t\tGRAN MEDALLA DE ORO PARA BODEGAS MONTEABELLON EN Concurso Mundial de Bruselas\t\t\t\t\t\t\t\t<\/h3>\n\n\t\t\t\t\t\t\t<\/div><!--\/post-header-->\n\t\t\t\t\t\t\t<div class=\"excerpt\">A principios de este mes de mayo, se celebraba en Aigle (Suiza) la\u00a026\u00aa edici\u00f3n del\u00a0prestigioso&hellip;<\/div>\n\t\t\t\t\t\t\t<div class=\"button read_more\">\n\t\t\t\t\t\t\t\t<a href=\"https:\/\/www.monteabellon.com\/en\/gran-medalla-de-oro-para-bodegas-monteabellon-en-concurso-mundial-de-bruselas\/\">Read more<\/a>\t\t\t\t\t\t\t<\/div>\n\n\t\t\t\t\t<\/div><!--post-content-wrap-->\n\n\t\t\t\t\t<\/div><!--article-content-wrap-->\n\n\t\t\t\t\t\t\t\t\n\t\t<\/div><!--\/post-content-->\n\n\t<\/div><!--\/inner-wrap-->\n\t\t\n<\/article><!--\/article-->\n\t\t\t\t\n\t\t\t\t\n<article id=\"post-1496\" class=\"regular post-1496 post type-post status-publish format-standard has-post-thumbnail category-premio-en\">\n\n\t<div class=\"inner-wrap animated\">\n\n\t\t<div class=\"post-content\">\n\t\t\t\n\t\t\t\t\t\t\t  \n\n\t\t\t\t\t <div class=\"article-content-wrap\">\n\t\t\t\t\t\t\n\t\t\t\t\t\t<div class=\"post-featured-img-wrap\"> \n\t\t\t\t\t\t\t\n\t\t\t\t\t\t\t\t\t\t\t\t\t\t\t<img decoding=\"async\" src=\"https:\/\/www.monteabellon.com\/wp-content\/uploads\/2020\/01\/james_suckling-816x600.png\">\n\t\t\t\t\t\t\t\t\t\t\t\t\t\t\t\n\t\t\t\t\t\t<\/div>\n\t\t\t\t\t\t\n\t\t\t\t\t\t<div class=\"post-content-wrap\"> \n\t\t\t\t\t\t\t\t\t\t\t\t\t\t\n\t\t\t\t\t\t\t<span class=\"meta-category\"><a class=\"premio-en\" href=\"https:\/\/www.monteabellon.com\/en\/category\/premio-en\/\">Premio<\/a><\/span>\t\t\t\t\t\t\t<span class=\"date\">May 2020<\/span>\n\t\t\t\t\t\t\t\t\t\t\t\t\t\t\t\t<div class=\"post-header\">\n\n\t\t\t\t\t\t\t\t<h3 class=\"title\">\n\t\t\t\t\t\t\t\t\tLOS SOBRESALIENTES VINOS DE BODEGAS MONTEABELL\u00d3N SEG\u00daN JAMES SUCKLING\t\t\t\t\t\t\t\t<\/h3>\n\n\t\t\t\t\t\t\t<\/div><!--\/post-header-->\n\t\t\t\t\t\t\t<div class=\"excerpt\">Cuatro de los vinos de Bodegas y Vi\u00f1edos puntuados por encima de 92 por el&hellip;<\/div>\n\t\t\t\t\t\t\t<div class=\"button read_more\">\n\t\t\t\t\t\t\t\t<a href=\"https:\/\/www.monteabellon.com\/en\/los-sobresalientes-vinos-de-bodegas-monteabellon-segun-james-suckling\/\">Read more<\/a>\t\t\t\t\t\t\t<\/div>\n\n\t\t\t\t\t<\/div><!--post-content-wrap-->\n\n\t\t\t\t\t<\/div><!--article-content-wrap-->\n\n\t\t\t\t\t\t\t\t\n\t\t<\/div><!--\/post-content-->\n\n\t<\/div><!--\/inner-wrap-->\n\t\t\n<\/article><!--\/article-->\n\t\t\t\t\n\t\t\t\t\n<article id=\"post-1494\" class=\"regular post-1494 post type-post status-publish format-standard has-post-thumbnail category-premio-en\">\n\n\t<div class=\"inner-wrap animated\">\n\n\t\t<div class=\"post-content\">\n\t\t\t\n\t\t\t\t\t\t\t  \n\n\t\t\t\t\t <div class=\"article-content-wrap\">\n\t\t\t\t\t\t\n\t\t\t\t\t\t<div class=\"post-featured-img-wrap\"> \n\t\t\t\t\t\t\t\n\t\t\t\t\t\t\t\t\t\t\t\t\t\t\t<img decoding=\"async\" src=\"https:\/\/www.monteabellon.com\/wp-content\/uploads\/2020\/01\/tin_atkin-816x600.jpg\">\n\t\t\t\t\t\t\t\t\t\t\t\t\t\t\t\n\t\t\t\t\t\t<\/div>\n\t\t\t\t\t\t\n\t\t\t\t\t\t<div class=\"post-content-wrap\"> \n\t\t\t\t\t\t\t\t\t\t\t\t\t\t\n\t\t\t\t\t\t\t<span class=\"meta-category\"><a class=\"premio-en\" href=\"https:\/\/www.monteabellon.com\/en\/category\/premio-en\/\">Premio<\/a><\/span>\t\t\t\t\t\t\t<span class=\"date\">May 2020<\/span>\n\t\t\t\t\t\t\t\t\t\t\t\t\t\t\t\t<div class=\"post-header\">\n\n\t\t\t\t\t\t\t\t<h3 class=\"title\">\n\t\t\t\t\t\t\t\t\tFINCA MATAMBRES 2015 Y FINCA LA BLANQUERA 2015 DE MONTEABELL\u00d3N, ENTRE LOS TOP 100 DE TIM ATKIN\t\t\t\t\t\t\t\t<\/h3>\n\n\t\t\t\t\t\t\t<\/div><!--\/post-header-->\n\t\t\t\t\t\t\t<div class=\"excerpt\">El Master of Wine brit\u00e1nico Tim Atkin en su visita a Ribera del Duero seleccionaba&hellip;<\/div>\n\t\t\t\t\t\t\t<div class=\"button read_more\">\n\t\t\t\t\t\t\t\t<a href=\"https:\/\/www.monteabellon.com\/en\/finca-matambres-2015-y-finca-la-blanquera-2015-de-monteabellon-entre-los-top-100-de-tim-atkin\/\">Read more<\/a>\t\t\t\t\t\t\t<\/div>\n\n\t\t\t\t\t<\/div><!--post-content-wrap-->\n\n\t\t\t\t\t<\/div><!--article-content-wrap-->\n\n\t\t\t\t\t\t\t\t\n\t\t<\/div><!--\/post-content-->\n\n\t<\/div><!--\/inner-wrap-->\n\t\t\n<\/article><!--\/article-->\n\t\t\t\t\n\t\t\t\t\n<article id=\"post-1492\" class=\"regular post-1492 post type-post status-publish format-standard has-post-thumbnail category-premio-en\">\n\n\t<div class=\"inner-wrap animated\">\n\n\t\t<div class=\"post-content\">\n\t\t\t\n\t\t\t\t\t\t\t  \n\n\t\t\t\t\t <div class=\"article-content-wrap\">\n\t\t\t\t\t\t\n\t\t\t\t\t\t<div class=\"post-featured-img-wrap\"> \n\t\t\t\t\t\t\t\n\t\t\t\t\t\t\t\t\t\t\t\t\t\t\t<img decoding=\"async\" src=\"https:\/\/www.monteabellon.com\/wp-content\/uploads\/2020\/01\/guia_penin-900x600.jpg\">\n\t\t\t\t\t\t\t\t\t\t\t\t\t\t\t\n\t\t\t\t\t\t<\/div>\n\t\t\t\t\t\t\n\t\t\t\t\t\t<div class=\"post-content-wrap\"> \n\t\t\t\t\t\t\t\t\t\t\t\t\t\t\n\t\t\t\t\t\t\t<span class=\"meta-category\"><a class=\"premio-en\" href=\"https:\/\/www.monteabellon.com\/en\/category\/premio-en\/\">Premio<\/a><\/span>\t\t\t\t\t\t\t<span class=\"date\">May 2020<\/span>\n\t\t\t\t\t\t\t\t\t\t\t\t\t\t\t\t<div class=\"post-header\">\n\n\t\t\t\t\t\t\t\t<h3 class=\"title\">\n\t\t\t\t\t\t\t\t\tCINCO DE LOS VINOS DE BODEGAS Y VI\u00d1EDOS MONTEABELL\u00d3N ENTRE LOS EXCELENTES DE LA GU\u00cdA PE\u00d1\u00cdN 2020, CALIFICADOS POR ENCIMA DE 90 PUNTOS\t\t\t\t\t\t\t\t<\/h3>\n\n\t\t\t\t\t\t\t<\/div><!--\/post-header-->\n\t\t\t\t\t\t\t<div class=\"excerpt\">La 30\u00aa edici\u00f3n de la Gu\u00eda Pe\u00f1\u00edn, reconoce el trabajo de Bodegas y Vi\u00f1edos Monteabell\u00f3n&hellip;<\/div>\n\t\t\t\t\t\t\t<div class=\"button read_more\">\n\t\t\t\t\t\t\t\t<a href=\"https:\/\/www.monteabellon.com\/en\/cinco-de-los-vinos-de-bodegas-y-vinedos-monteabellon-entre-los-excelentes-de-la-guia-penin-2020-calificados-por-encima-de-90-puntos\/\">Read more<\/a>\t\t\t\t\t\t\t<\/div>\n\n\t\t\t\t\t<\/div><!--post-content-wrap-->\n\n\t\t\t\t\t<\/div><!--article-content-wrap-->\n\n\t\t\t\t\t\t\t\t\n\t\t<\/div><!--\/post-content-->\n\n\t<\/div><!--\/inner-wrap-->\n\t\t\n<\/article><!--\/article-->\n\t\t\t\n\t\t\t<\/div><!--\/posts container-->\n\t\t\t\n\t\t\t\t\t\n  <\/div><!--\/post area-->\n  \n  \t\t\n\t\n\t<\/div>\n\t\n\t[\/vc_column][\/vc_row]\n","protected":false},"excerpt":{"rendered":"<p>[vc_row type=&#8221;in_container&#8221; full_screen_row_position=&#8221;middle&#8221; scene_position=&#8221;center&#8221; text_color=&#8221;dark&#8221; text_align=&#8221;left&#8221; overlay_strength=&#8221;0.3&#8243; shape_divider_position=&#8221;bottom&#8221; bg_image_animation=&#8221;none&#8221;][vc_column column_padding=&#8221;no-extra-padding&#8221; column_padding_position=&#8221;all&#8221; background_color_opacity=&#8221;1&#8243; background_hover_color_opacity=&#8221;1&#8243; column_link_target=&#8221;_self&#8221; column_shadow=&#8221;none&#8221; column_border_radius=&#8221;none&#8221; width=&#8221;1\/1&#8243; tablet_width_inherit=&#8221;default&#8221; tablet_text_alignment=&#8221;default&#8221; phone_text_alignment=&#8221;default&#8221; column_border_width=&#8221;none&#8221; column_border_style=&#8221;solid&#8221; bg_image_animation=&#8221;none&#8221;][vc_column_text] Awards [\/vc_column_text][\/vc_column][\/vc_row]<\/p>\n","protected":false},"author":331,"featured_media":0,"parent":1760,"menu_order":0,"comment_status":"closed","ping_status":"closed","template":"","meta":{"footnotes":""},"class_list":["post-1762","page","type-page","status-publish"],"_links":{"self":[{"href":"https:\/\/www.monteabellon.com\/en\/wp-json\/wp\/v2\/pages\/1762","targetHints":{"allow":["GET"]}}],"collection":[{"href":"https:\/\/www.monteabellon.com\/en\/wp-json\/wp\/v2\/pages"}],"about":[{"href":"https:\/\/www.monteabellon.com\/en\/wp-json\/wp\/v2\/types\/page"}],"author":[{"embeddable":true,"href":"https:\/\/www.monteabellon.com\/en\/wp-json\/wp\/v2\/users\/331"}],"replies":[{"embeddable":true,"href":"https:\/\/www.monteabellon.com\/en\/wp-json\/wp\/v2\/comments?post=1762"}],"version-history":[{"count":1,"href":"https:\/\/www.monteabellon.com\/en\/wp-json\/wp\/v2\/pages\/1762\/revisions"}],"predecessor-version":[{"id":1763,"href":"https:\/\/www.monteabellon.com\/en\/wp-json\/wp\/v2\/pages\/1762\/revisions\/1763"}],"up":[{"embeddable":true,"href":"https:\/\/www.monteabellon.com\/en\/wp-json\/wp\/v2\/pages\/1760"}],"wp:attachment":[{"href":"https:\/\/www.monteabellon.com\/en\/wp-json\/wp\/v2\/media?parent=1762"}],"curies":[{"name":"wp","href":"https:\/\/api.w.org\/{rel}","templated":true}]}}