{"id":1794,"date":"2020-05-06T14:03:18","date_gmt":"2020-05-06T12:03:18","guid":{"rendered":"https:\/\/www.monteabellon.com\/?page_id=1794"},"modified":"2026-02-23T14:00:38","modified_gmt":"2026-02-23T13:00:38","slug":"our-wines","status":"publish","type":"page","link":"https:\/\/www.monteabellon.com\/en\/our-wines\/","title":{"rendered":"Our wines"},"content":{"rendered":"[vc_row type=&#8221;full_width_content&#8221; full_screen_row_position=&#8221;middle&#8221; scene_position=&#8221;center&#8221; text_color=&#8221;dark&#8221; text_align=&#8221;left&#8221; class=&#8221;row-slider&#8221; overlay_strength=&#8221;0.3&#8243; shape_divider_position=&#8221;bottom&#8221; bg_image_animation=&#8221;none&#8221; shape_type=&#8221;&#8221;][vc_column column_padding=&#8221;no-extra-padding&#8221; column_padding_position=&#8221;all&#8221; background_color_opacity=&#8221;1&#8243; background_hover_color_opacity=&#8221;1&#8243; column_link_target=&#8221;_self&#8221; column_shadow=&#8221;none&#8221; column_border_radius=&#8221;none&#8221; width=&#8221;1\/1&#8243; tablet_width_inherit=&#8221;default&#8221; tablet_text_alignment=&#8221;default&#8221; phone_text_alignment=&#8221;default&#8221; column_border_width=&#8221;none&#8221; column_border_style=&#8221;solid&#8221; bg_image_animation=&#8221;none&#8221;]<div  data-transition=\"slide\" data-overall_style=\"classic\" data-flexible-height=\"\" data-animate-in-effect=\"none\" data-fullscreen=\"true\" data-button-sizing=\"regular\" data-button-styling=\"btn_with_count\" data-autorotate=\"\" data-parallax=\"false\" data-parallax-disable-mobile=\"\" data-caption-trans=\"fade_in_from_bottom\" data-parallax-style=\"bg_only\" data-bg-animation=\"none\" data-full-width=\"true\" class=\"nectar-slider-wrap \" id=\"ns-id-69f254cc9177a\" ><div class=\"swiper-container\"   data-tho=\"auto\" data-tco=\"auto\" data-pho=\"auto\" data-pco=\"auto\" data-loop=\"false\" data-height=\"650\" data-min-height=\"\" data-arrows=\"false\" data-bullets=\"false\" data-bullet_style=\"see_through\" data-bullet_position=\"bottom\" data-desktop-swipe=\"false\" data-settings=\"\"> <div class=\"swiper-wrapper\"><div class=\"swiper-slide\" data-desktop-content-width=\"auto\" data-tablet-content-width=\"auto\" data-bg-alignment=\"center\" data-color-scheme=\"light\" data-x-pos=\"left\" data-y-pos=\"middle\" > \n\t\t\t\t\t\t\t\t<div class=\"container\">\n\t\t\t\t\t\t\t\t\t<div class=\"content\"><h2>Our wines<\/h2><p  ><span>Created with respect and admiration for our land<\/span><\/p><\/div>\n\t\t\t\t<\/div><!--\/container--><div class=\"video-texture \"> <span class=\"ie-fix\"><\/span> <\/div>\n\t\t\t\t\t\t\t\t\t<div class=\"mobile-video-image\" style=\"background-image: url()\"> <span class=\"ie-fix\"><\/span>  <\/div>\n\t\t\t\t\t\t\t\t\t<div class=\"slide-bg-wrap\">\n\t\t\t\t\t\t\t\t\t  <div class=\"video-wrap\">\n\t\t\t\t\t\t\t\t\t\t\n\t\t\t\t\t\t\t\t\t\t\n\t\t\t\t\t\t\t\t\t\t<video class=\"slider-video\" width=\"1800\" height=\"700\" preload=\"auto\" autoplay muted playsinline loop><source type=\"video\/mp4\" src=\"\/wp-content\/uploads\/2019\/07\/slider_nuestros_vinos.mp4\"><\/video><\/div> <\/div><\/div> <!--\/swiper-slide--><\/div><div class=\"nectar-slider-loading \"> <span class=\"loading-icon none\">   <\/span> <\/div> <\/div> \n\t\t\t\t\n\t\t\t<\/div>[nectar_btn size=&#8221;small&#8221; button_style=&#8221;regular&#8221; button_color_2=&#8221;Extra-Color-1&#8243; icon_family=&#8221;none&#8221; url=&#8221;\/en\/wine-tourism&#8221; text=&#8221;Plan my visit&#8221;][\/vc_column][\/vc_row][vc_row type=&#8221;in_container&#8221; full_screen_row_position=&#8221;middle&#8221; scene_position=&#8221;center&#8221; text_color=&#8221;dark&#8221; text_align=&#8221;left&#8221; class=&#8221;row-anchors&#8221; overlay_strength=&#8221;0.3&#8243; shape_divider_position=&#8221;bottom&#8221; bg_image_animation=&#8221;none&#8221; shape_type=&#8221;&#8221;][vc_column column_padding=&#8221;no-extra-padding&#8221; column_padding_position=&#8221;all&#8221; background_color_opacity=&#8221;1&#8243; background_hover_color_opacity=&#8221;1&#8243; column_link_target=&#8221;_self&#8221; column_shadow=&#8221;none&#8221; column_border_radius=&#8221;none&#8221; width=&#8221;1\/1&#8243; tablet_width_inherit=&#8221;default&#8221; tablet_text_alignment=&#8221;default&#8221; phone_text_alignment=&#8221;default&#8221; column_border_width=&#8221;none&#8221; column_border_style=&#8221;solid&#8221; bg_image_animation=&#8221;none&#8221;][vc_column_text]\n<ul>\n<li><a href=\"#do-ribera\">D.O. RIBERA DEL DUERO<\/a><\/li>\n<li><a href=\"#do-rioja\">D.O.Ca. RIOJA<\/a><\/li>\n<li><a href=\"#do-rueda\">D.O.RUEDA<\/a><\/li>\n<li><a href=\"#do-valdeorras\">D.O.VALDEORRAS<\/a><\/li>\n<li><a href=\"#do-rias-baixas\">D.O.R\u00cdAS BA\u00cdXAS<\/a><\/li>\n<\/ul>\n[\/vc_column_text][\/vc_column][\/vc_row][vc_row type=&#8221;in_container&#8221; full_screen_row_position=&#8221;middle&#8221; scene_position=&#8221;center&#8221; text_color=&#8221;dark&#8221; text_align=&#8221;left&#8221; class=&#8221;init-do&#8221; id=&#8221;do-ribera&#8221; overlay_strength=&#8221;0.3&#8243; shape_divider_position=&#8221;bottom&#8221; bg_image_animation=&#8221;none&#8221; shape_type=&#8221;&#8221;][vc_column column_padding=&#8221;no-extra-padding&#8221; column_padding_position=&#8221;all&#8221; background_color_opacity=&#8221;1&#8243; background_hover_color_opacity=&#8221;1&#8243; column_link_target=&#8221;_self&#8221; column_shadow=&#8221;none&#8221; column_border_radius=&#8221;none&#8221; width=&#8221;1\/1&#8243; tablet_width_inherit=&#8221;default&#8221; tablet_text_alignment=&#8221;default&#8221; phone_text_alignment=&#8221;default&#8221; column_border_width=&#8221;none&#8221; column_border_style=&#8221;solid&#8221; bg_image_animation=&#8221;none&#8221;][vc_column_text el_class=&#8221;title&#8221;]\n<h2>D.O. RIBERA DEL DUERO<\/h2>\n[\/vc_column_text][vc_column_text]\n\n    <div class=\"products\">\n        \n            \n                        \n\n            <div id=\"avaniel-rose-the-rose-from-monteabellon\" class=\"product-item\">\n\n                <div class=\"row\">\n\n                    <div class=\"col span_6 text\">\n\n                        <div class=\"wrapper\">\n\n                            <div class=\"wpb_text_column\">\n                                <h3>\n                                    Avaniel Ros\u00e9                                    <span class=\"detail\">The ros\u00e9 from monteabellon <\/span>\n                                <\/h3>\n\n                                <p>Avaniel Rosado is a wine made from grapes from our freshest and youngest vineyards with vines between 6 and 10 years old. It stands out for its rich fruity and floral nuances.<\/p>\n\n                                <div class=\"span_12 caracteristicas\">\n                                                                            <div class=\"columna\">\n                                            <div class=\"titular\">\n                                                <img decoding=\"async\" src=\"\/wp-content\/themes\/salient\/dewenir\/resources\/uva.png\">\n                                                <span>Grape<\/span>\n                                            <\/div>\n                                            <p>100% Tempranillo.<\/p>\n                                        <\/div>\n                                                                                                                <div class=\"columna\">\n                                            <div class=\"titular\">\n                                                <img decoding=\"async\" src=\"\/wp-content\/themes\/salient\/dewenir\/resources\/suelo.png\">\n                                                <span>Soil<\/span>\n                                            <\/div>\n                                            <p><p>Low zone.<br \/>\nAltitude 760-800m.<br \/>\nSandy loam soils with pebbles.<\/p>\n<\/p>\n                                        <\/div>\n                                                                                                        <\/div> \n\n                                <div class=\"buttons\">\n                                    \n                                    <a href=\"https:\/\/www.monteabellon.com\/en\/nuestros-vinos\/avaniel-rosado\/\" class=\"nectar-button see-through\"><span>Learn more<\/span><\/a>\n                                    <a href=\"https:\/\/www.monteabellon.com\/wp-content\/uploads\/2026\/04\/Monteabellon_avaniel-rosado_2025_ENG.pdf\" target=\"_blank\" class=\"nectar-button see-through prueba\"><span>Download sheet<\/span><\/a>\n                                    <a class=\"button_shop\" href=\"\/en\/store\/avaniel-rosado\">Purchase<\/a>                                <\/div>\n                                \n                            <\/div>\n                        <\/div>\n\n                    <\/div>\n\n                    <div class=\"col span_6 image\">\n\n                        <div class=\"wrapper\">\n\n                            \n                            <div class=\"img-with-aniamtion-wrap center\" style='background-image: url(\" https:\/\/www.monteabellon.com\/wp-content\/uploads\/2019\/12\/textura_ribera.jpg\")' >\n                                <div class=\"inner\">\n                                                                        <img decoding=\"async\" src=\"https:\/\/www.monteabellon.com\/wp-content\/uploads\/2019\/07\/AvanielRosado2-scaled.webp\" alt=\"\" \/>\n                                <\/div>\n                            <\/div>\n\n                        <\/div>\n\n                    <\/div>\n                <\/div>\n            <\/div>\n\n        \n            \n                        \n\n            <div id=\"avaniel-tinto-avaniel-tinto-2021-the-young-wine-from-monteabellon-\" class=\"product-item\">\n\n                <div class=\"row\">\n\n                    <div class=\"col span_6 text\">\n\n                        <div class=\"wrapper\">\n\n                            <div class=\"wpb_text_column\">\n                                <h3>\n                                    Avaniel Tinto                                    <span class=\"detail\">Avaniel tinto 2021 the young wine from monteabellon  <\/span>\n                                <\/h3>\n\n                                <p>Avaniel is a young red wine made from grapes from one of our freshest vineyards called \u201cLos Miles\u201d. It is also one of our youngest vineyards with vines between 6 and 10 years old. These conditions make Avaniel a fresh wine with rich fruity nuances.<\/p>\n\n                                <div class=\"span_12 caracteristicas\">\n                                                                            <div class=\"columna\">\n                                            <div class=\"titular\">\n                                                <img decoding=\"async\" src=\"\/wp-content\/themes\/salient\/dewenir\/resources\/uva.png\">\n                                                <span>Grape<\/span>\n                                            <\/div>\n                                            <p>100% Tempranillo.<\/p>\n                                        <\/div>\n                                                                                                                <div class=\"columna\">\n                                            <div class=\"titular\">\n                                                <img decoding=\"async\" src=\"\/wp-content\/themes\/salient\/dewenir\/resources\/suelo.png\">\n                                                <span>Soil<\/span>\n                                            <\/div>\n                                            <p><p>Low zone.<br \/>\nAltitude 760-800m.<br \/>\nSandy loam soils with pebbles.<\/p>\n<\/p>\n                                        <\/div>\n                                                                                                        <\/div> \n\n                                <div class=\"buttons\">\n                                    \n                                    <a href=\"https:\/\/www.monteabellon.com\/en\/nuestros-vinos\/avaniel-tinto\/\" class=\"nectar-button see-through\"><span>Learn more<\/span><\/a>\n                                    <a href=\"https:\/\/www.monteabellon.com\/wp-content\/uploads\/2020\/05\/Monteabellon_avaniel_tinto_2025_ENG.pdf\" target=\"_blank\" class=\"nectar-button see-through prueba\"><span>Download sheet<\/span><\/a>\n                                    <a class=\"button_shop\" href=\"\/en\/store\/avaniel-tinto\">Purchase<\/a>                                <\/div>\n                                \n                            <\/div>\n                        <\/div>\n\n                    <\/div>\n\n                    <div class=\"col span_6 image\">\n\n                        <div class=\"wrapper\">\n\n                            \n                            <div class=\"img-with-aniamtion-wrap center\" style='background-image: url(\" https:\/\/www.monteabellon.com\/wp-content\/uploads\/2019\/12\/textura_ribera.jpg\")' >\n                                <div class=\"inner\">\n                                                                        <img decoding=\"async\" src=\"https:\/\/www.monteabellon.com\/wp-content\/uploads\/2019\/07\/Avaniel-2025-web.webp\" alt=\"\" \/>\n                                <\/div>\n                            <\/div>\n\n                        <\/div>\n\n                    <\/div>\n                <\/div>\n            <\/div>\n\n        \n            \n                        \n\n            <div id=\"5-months-\" class=\"product-item\">\n\n                <div class=\"row\">\n\n                    <div class=\"col span_6 text\">\n\n                        <div class=\"wrapper\">\n\n                            <div class=\"wpb_text_column\">\n                                <h3>\n                                    5 months                                    <span class=\"detail\"> <\/span>\n                                <\/h3>\n\n                                <p>Monteabell\u00f3n 5 meses en barrica has its origin in the freshest vineyards located near the Duero River. The soil is sandy-loam, with a slight gravel content. This gives it a very characteristic freshness which, combined with its time spent in the barrel, gives rise to a wine with great personality and marked fruity nuances.<\/p>\n\n                                <div class=\"span_12 caracteristicas\">\n                                                                            <div class=\"columna\">\n                                            <div class=\"titular\">\n                                                <img decoding=\"async\" src=\"\/wp-content\/themes\/salient\/dewenir\/resources\/uva.png\">\n                                                <span>Grape<\/span>\n                                            <\/div>\n                                            <p>100% Tempranillo.<\/p>\n                                        <\/div>\n                                                                                                                <div class=\"columna\">\n                                            <div class=\"titular\">\n                                                <img decoding=\"async\" src=\"\/wp-content\/themes\/salient\/dewenir\/resources\/suelo.png\">\n                                                <span>Soil<\/span>\n                                            <\/div>\n                                            <p><p>Middle zone<br \/>\nAltitude 800-830m.<br \/>\nSand and clay soil.<\/p>\n<\/p>\n                                        <\/div>\n                                                                                                                <div class=\"columna\">\n                                            <div class=\"titular\">\n                                                <img decoding=\"async\" src=\"\/wp-content\/themes\/salient\/dewenir\/resources\/crianza.png\">\n                                                <span>Ageing<\/span>\n                                            <\/div>\n                                            <p><p>5 months in barrel. 50% French oak and 50% American oak.<\/p>\n<\/p>\n                                        <\/div>\n                                                                    <\/div> \n\n                                <div class=\"buttons\">\n                                    \n                                    <a href=\"https:\/\/www.monteabellon.com\/en\/nuestros-vinos\/oak-5-months\/\" class=\"nectar-button see-through\"><span>Learn more<\/span><\/a>\n                                    <a href=\"https:\/\/www.monteabellon.com\/wp-content\/uploads\/2020\/05\/Monteabellon-5-Meses_ENG-4.pdf\" target=\"_blank\" class=\"nectar-button see-through prueba\"><span>Download sheet<\/span><\/a>\n                                    <a class=\"button_shop\" href=\"\/en\/store\/oak-5-months\">Purchase<\/a>                                <\/div>\n                                \n                            <\/div>\n                        <\/div>\n\n                    <\/div>\n\n                    <div class=\"col span_6 image\">\n\n                        <div class=\"wrapper\">\n\n                            \n                            <div class=\"img-with-aniamtion-wrap center\" style='background-image: url(\" https:\/\/www.monteabellon.com\/wp-content\/uploads\/2019\/12\/textura_ribera.jpg\")' >\n                                <div class=\"inner\">\n                                                                        <img decoding=\"async\" src=\"https:\/\/www.monteabellon.com\/wp-content\/uploads\/2019\/07\/MONTEABELLON_5_MESES.png\" alt=\"\" \/>\n                                <\/div>\n                            <\/div>\n\n                        <\/div>\n\n                    <\/div>\n                <\/div>\n            <\/div>\n\n        \n            \n                        \n\n            <div id=\"14-months-\" class=\"product-item\">\n\n                <div class=\"row\">\n\n                    <div class=\"col span_6 text\">\n\n                        <div class=\"wrapper\">\n\n                            <div class=\"wpb_text_column\">\n                                <h3>\n                                    14 months                                    <span class=\"detail\"> <\/span>\n                                <\/h3>\n\n                                <p>We produce our Monteabell\u00f3n Crianza 14 months in barrels from the vineyards located at a higher altitude, whose loamy-sandy soils contain clay and limestone. This soil provides us with a grape with favourable characteristics to obtain a wine with perfect structure.<\/p>\n\n                                <div class=\"span_12 caracteristicas\">\n                                                                            <div class=\"columna\">\n                                            <div class=\"titular\">\n                                                <img decoding=\"async\" src=\"\/wp-content\/themes\/salient\/dewenir\/resources\/uva.png\">\n                                                <span>Grape<\/span>\n                                            <\/div>\n                                            <p>100% Tempranillo.<\/p>\n                                        <\/div>\n                                                                                                                <div class=\"columna\">\n                                            <div class=\"titular\">\n                                                <img decoding=\"async\" src=\"\/wp-content\/themes\/salient\/dewenir\/resources\/suelo.png\">\n                                                <span>Soil<\/span>\n                                            <\/div>\n                                            <p><p>High zone<br \/>\nAltitude 830-950m.<br \/>\nClay-Calcareous soil with limestone.<\/p>\n<\/p>\n                                        <\/div>\n                                                                                                                <div class=\"columna\">\n                                            <div class=\"titular\">\n                                                <img decoding=\"async\" src=\"\/wp-content\/themes\/salient\/dewenir\/resources\/crianza.png\">\n                                                <span>Ageing<\/span>\n                                            <\/div>\n                                            <p><p>14 months in barrel. 70% French oak and 30% American oak.<\/p>\n<\/p>\n                                        <\/div>\n                                                                    <\/div> \n\n                                <div class=\"buttons\">\n                                    \n                                    <a href=\"https:\/\/www.monteabellon.com\/en\/nuestros-vinos\/14-months\/\" class=\"nectar-button see-through\"><span>Learn more<\/span><\/a>\n                                    <a href=\"https:\/\/www.monteabellon.com\/wp-content\/uploads\/2020\/05\/Monteabellon_14-months-2022_ENG-9.pdf\" target=\"_blank\" class=\"nectar-button see-through prueba\"><span>Download sheet<\/span><\/a>\n                                    <a class=\"button_shop\" href=\"\/en\/store\/14-months\">Purchase<\/a>                                <\/div>\n                                \n                            <\/div>\n                        <\/div>\n\n                    <\/div>\n\n                    <div class=\"col span_6 image\">\n\n                        <div class=\"wrapper\">\n\n                            \n                            <div class=\"img-with-aniamtion-wrap center\" style='background-image: url(\" https:\/\/www.monteabellon.com\/wp-content\/uploads\/2019\/12\/textura_ribera.jpg\")' >\n                                <div class=\"inner\">\n                                                                        <img decoding=\"async\" src=\"https:\/\/www.monteabellon.com\/wp-content\/uploads\/2019\/07\/Monteabellon_14_meses_web.png\" alt=\"\" \/>\n                                <\/div>\n                            <\/div>\n\n                        <\/div>\n\n                    <\/div>\n                <\/div>\n            <\/div>\n\n        \n            \n                        \n\n            <div id=\"finca-matambres-\" class=\"product-item\">\n\n                <div class=\"row\">\n\n                    <div class=\"col span_6 text\">\n\n                        <div class=\"wrapper\">\n\n                            <div class=\"wpb_text_column\">\n                                <h3>\n                                    Finca Matambres                                    <span class=\"detail\"> <\/span>\n                                <\/h3>\n\n                                <p>Monteabell\u00f3n Finca Matambres is the purest expression of Tempranillo from our most important vineyards. A clayey-calcareous soil, the perfect orientation and our love for viticulture results in a very expressive, elegant wine. After spending 20 months in the barrel a signature wine is obtained.<\/p>\n\n                                <div class=\"span_12 caracteristicas\">\n                                                                            <div class=\"columna\">\n                                            <div class=\"titular\">\n                                                <img decoding=\"async\" src=\"\/wp-content\/themes\/salient\/dewenir\/resources\/uva.png\">\n                                                <span>Grape<\/span>\n                                            <\/div>\n                                            <p>100% Tempranillo<\/p>\n                                        <\/div>\n                                                                                                                <div class=\"columna\">\n                                            <div class=\"titular\">\n                                                <img decoding=\"async\" src=\"\/wp-content\/themes\/salient\/dewenir\/resources\/suelo.png\">\n                                                <span>Soil<\/span>\n                                            <\/div>\n                                            <p><p>Middle zone.<br \/>\nAltitude 800-830.<br \/>\nSand and clay soil.<\/p>\n<\/p>\n                                        <\/div>\n                                                                                                                <div class=\"columna\">\n                                            <div class=\"titular\">\n                                                <img decoding=\"async\" src=\"\/wp-content\/themes\/salient\/dewenir\/resources\/crianza.png\">\n                                                <span>Ageing<\/span>\n                                            <\/div>\n                                            <p><p>20 months in barrel. 80% French oak and 20% American oak<\/p>\n<\/p>\n                                        <\/div>\n                                                                    <\/div> \n\n                                <div class=\"buttons\">\n                                    \n                                    <a href=\"https:\/\/www.monteabellon.com\/en\/nuestros-vinos\/finca-matambres\/\" class=\"nectar-button see-through\"><span>Learn more<\/span><\/a>\n                                    <a href=\"https:\/\/www.monteabellon.com\/wp-content\/uploads\/2020\/05\/Monteabellon_Finca-Matambres-2021_ENG-1.pdf\" target=\"_blank\" class=\"nectar-button see-through prueba\"><span>Download sheet<\/span><\/a>\n                                    <a class=\"button_shop\" href=\"\/en\/store\/finca-matambres\">Purchase<\/a>                                <\/div>\n                                \n                            <\/div>\n                        <\/div>\n\n                    <\/div>\n\n                    <div class=\"col span_6 image\">\n\n                        <div class=\"wrapper\">\n\n                            \n                            <div class=\"img-with-aniamtion-wrap center\" style='background-image: url(\" https:\/\/www.monteabellon.com\/wp-content\/uploads\/2019\/12\/textura_ribera.jpg\")' >\n                                <div class=\"inner\">\n                                                                        <img decoding=\"async\" src=\"https:\/\/www.monteabellon.com\/wp-content\/uploads\/2019\/07\/ribera_matambres.png\" alt=\"\" \/>\n                                <\/div>\n                            <\/div>\n\n                        <\/div>\n\n                    <\/div>\n                <\/div>\n            <\/div>\n\n        \n            \n                        \n\n            <div id=\"finca-la-blanquera-\" class=\"product-item\">\n\n                <div class=\"row\">\n\n                    <div class=\"col span_6 text\">\n\n                        <div class=\"wrapper\">\n\n                            <div class=\"wpb_text_column\">\n                                <h3>\n                                    Finca la Blanquera                                    <span class=\"detail\"> <\/span>\n                                <\/h3>\n\n                                <p>Monteabell\u00f3n Finca La Blanquera was created as a tribute to Fabi\u00e1n, the grandfather, who transmitted to his children and grandchildren the passion for viticulture.<br \/>\nFinca La Blanquera is our vineyard located at a higher altitude with stony soil and high limestone content from which we obtain this unique wine.<\/p>\n\n                                <div class=\"span_12 caracteristicas\">\n                                                                            <div class=\"columna\">\n                                            <div class=\"titular\">\n                                                <img decoding=\"async\" src=\"\/wp-content\/themes\/salient\/dewenir\/resources\/uva.png\">\n                                                <span>Grape<\/span>\n                                            <\/div>\n                                            <p>100% Tempranillo<\/p>\n                                        <\/div>\n                                                                                                                <div class=\"columna\">\n                                            <div class=\"titular\">\n                                                <img decoding=\"async\" src=\"\/wp-content\/themes\/salient\/dewenir\/resources\/suelo.png\">\n                                                <span>Soil<\/span>\n                                            <\/div>\n                                            <p><p>High zone.<br \/>\nAltitude 830-950m.<br \/>\nClay-calcareous soil with limestone.<\/p>\n<\/p>\n                                        <\/div>\n                                                                                                                <div class=\"columna\">\n                                            <div class=\"titular\">\n                                                <img decoding=\"async\" src=\"\/wp-content\/themes\/salient\/dewenir\/resources\/crianza.png\">\n                                                <span>Ageing<\/span>\n                                            <\/div>\n                                            <p><p>24 months in 100% French oak barrels<\/p>\n<\/p>\n                                        <\/div>\n                                                                    <\/div> \n\n                                <div class=\"buttons\">\n                                    \n                                    <a href=\"https:\/\/www.monteabellon.com\/en\/nuestros-vinos\/finca-la-blanquera\/\" class=\"nectar-button see-through\"><span>Learn more<\/span><\/a>\n                                    <a href=\"https:\/\/www.monteabellon.com\/wp-content\/uploads\/2020\/05\/Monteabellon_Finca-La-Blanquera-2020_ENG-2.pdf\" target=\"_blank\" class=\"nectar-button see-through prueba\"><span>Download sheet<\/span><\/a>\n                                    <a class=\"button_shop\" href=\"\/en\/store\/finca-la-blanquera\">Purchase<\/a>                                <\/div>\n                                \n                            <\/div>\n                        <\/div>\n\n                    <\/div>\n\n                    <div class=\"col span_6 image\">\n\n                        <div class=\"wrapper\">\n\n                            \n                            <div class=\"img-with-aniamtion-wrap center\" style='background-image: url(\" https:\/\/www.monteabellon.com\/wp-content\/uploads\/2019\/12\/textura_ribera.jpg\")' >\n                                <div class=\"inner\">\n                                                                        <img decoding=\"async\" src=\"https:\/\/www.monteabellon.com\/wp-content\/uploads\/2020\/05\/LaBlanquera.png\" alt=\"\" \/>\n                                <\/div>\n                            <\/div>\n\n                        <\/div>\n\n                    <\/div>\n                <\/div>\n            <\/div>\n\n        \n            \n            \n            \n            \n            \n            \n            \n                <\/div>\n\n[\/vc_column_text][\/vc_column][\/vc_row][vc_row type=&#8221;full_width_content&#8221; full_screen_row_position=&#8221;middle&#8221; scene_position=&#8221;center&#8221; text_color=&#8221;dark&#8221; text_align=&#8221;left&#8221; overlay_strength=&#8221;0.3&#8243; shape_divider_position=&#8221;bottom&#8221; bg_image_animation=&#8221;none&#8221; shape_type=&#8221;&#8221;][vc_column column_padding=&#8221;no-extra-padding&#8221; column_padding_position=&#8221;all&#8221; background_color_opacity=&#8221;1&#8243; background_hover_color_opacity=&#8221;1&#8243; column_link_target=&#8221;_self&#8221; column_shadow=&#8221;none&#8221; column_border_radius=&#8221;none&#8221; width=&#8221;1\/1&#8243; tablet_width_inherit=&#8221;default&#8221; tablet_text_alignment=&#8221;default&#8221; phone_text_alignment=&#8221;default&#8221; column_border_width=&#8221;none&#8221; column_border_style=&#8221;solid&#8221; bg_image_animation=&#8221;none&#8221;]<div class=\"img-with-aniamtion-wrap fullwidth \" data-max-width=\"100%\" data-border-radius=\"none\"><div class=\"inner\"><img loading=\"lazy\" decoding=\"async\" data-shadow=\"none\" data-shadow-direction=\"middle\" class=\"img-with-animation skip-lazy\" data-delay=\"0\" height=\"626\" width=\"1366\"  data-animation=\"fade-in\" src=\"https:\/\/www.monteabellon.com\/wp-content\/uploads\/2019\/07\/monteabellon-madera.jpg\"  alt=\"\" \/><\/div><\/div>[\/vc_column][\/vc_row][vc_row type=&#8221;in_container&#8221; full_screen_row_position=&#8221;middle&#8221; scene_position=&#8221;center&#8221; text_color=&#8221;dark&#8221; text_align=&#8221;left&#8221; class=&#8221;init-do&#8221; id=&#8221;do-rioja&#8221; overlay_strength=&#8221;0.3&#8243; shape_divider_position=&#8221;bottom&#8221; bg_image_animation=&#8221;none&#8221; shape_type=&#8221;&#8221;][vc_column column_padding=&#8221;no-extra-padding&#8221; column_padding_position=&#8221;all&#8221; background_color_opacity=&#8221;1&#8243; background_hover_color_opacity=&#8221;1&#8243; column_link_target=&#8221;_self&#8221; column_shadow=&#8221;none&#8221; column_border_radius=&#8221;none&#8221; width=&#8221;1\/1&#8243; tablet_width_inherit=&#8221;default&#8221; tablet_text_alignment=&#8221;default&#8221; phone_text_alignment=&#8221;default&#8221; column_border_width=&#8221;none&#8221; column_border_style=&#8221;solid&#8221; bg_image_animation=&#8221;none&#8221;][vc_column_text el_class=&#8221;title&#8221;]\n<h2>D.O. Ca RIOJA<\/h2>\n[\/vc_column_text][vc_column_text]\n\n    <div class=\"products\">\n        \n            \n                        \n\n            <div id=\"athus-harvest-\" class=\"product-item\">\n\n                <div class=\"row\">\n\n                    <div class=\"col span_6 text\">\n\n                        <div class=\"wrapper\">\n\n                            <div class=\"wpb_text_column\">\n                                <h3>\n                                    Athus Harvest                                    <span class=\"detail\"> <\/span>\n                                <\/h3>\n\n                                <p>Finca Athus Joven is born in our freshest vineyards in Rioja Alta where the Tempranillo variety reflects all its fruity intensity in a perfectly structured wine.<\/p>\n\n                                <div class=\"span_12 caracteristicas\">\n                                                                            <div class=\"columna\">\n                                            <div class=\"titular\">\n                                                <img decoding=\"async\" src=\"\/wp-content\/themes\/salient\/dewenir\/resources\/uva.png\">\n                                                <span>Grape<\/span>\n                                            <\/div>\n                                            <p> 100 % Tempranillo.<\/p>\n                                        <\/div>\n                                                                                                                <div class=\"columna\">\n                                            <div class=\"titular\">\n                                                <img decoding=\"async\" src=\"\/wp-content\/themes\/salient\/dewenir\/resources\/suelo.png\">\n                                                <span>Soil<\/span>\n                                            <\/div>\n                                            <p><p>Middle zone.<br \/>\nAltitude 500m.<br \/>\nSandy loam soils with pebbles.<\/p>\n<\/p>\n                                        <\/div>\n                                                                                                        <\/div> \n\n                                <div class=\"buttons\">\n                                    \n                                    <a href=\"https:\/\/www.monteabellon.com\/en\/nuestros-vinos\/athus-harvest\/\" class=\"nectar-button see-through\"><span>Learn more<\/span><\/a>\n                                    <a href=\"https:\/\/www.monteabellon.com\/wp-content\/uploads\/2020\/05\/ATHUS_VENDIMIA_Rioja_21_10-22-ENG-2.pdf\" target=\"_blank\" class=\"nectar-button see-through prueba\"><span>Download sheet<\/span><\/a>\n                                    <a class=\"button_shop\" href=\"\/en\/store\/athus-harvest\">Purchase<\/a>                                <\/div>\n                                \n                            <\/div>\n                        <\/div>\n\n                    <\/div>\n\n                    <div class=\"col span_6 image\">\n\n                        <div class=\"wrapper\">\n\n                            \n                            <div class=\"img-with-aniamtion-wrap center\" style='background-image: url(\" https:\/\/www.monteabellon.com\/wp-content\/uploads\/2019\/12\/textura_rioja.jpg\")' >\n                                <div class=\"inner\">\n                                                                        <img decoding=\"async\" src=\"https:\/\/www.monteabellon.com\/wp-content\/uploads\/2020\/05\/Athus_vendimia_2019_monteabellon_20-11-20_sin_an\u0303ada.png\" alt=\"\" \/>\n                                <\/div>\n                            <\/div>\n\n                        <\/div>\n\n                    <\/div>\n                <\/div>\n            <\/div>\n\n        \n            \n                        \n\n            <div id=\"ageing-\" class=\"product-item\">\n\n                <div class=\"row\">\n\n                    <div class=\"col span_6 text\">\n\n                        <div class=\"wrapper\">\n\n                            <div class=\"wpb_text_column\">\n                                <h3>\n                                    Ageing                                    <span class=\"detail\"> <\/span>\n                                <\/h3>\n\n                                <p>Finca Athus Crianza is a wine made in the heart of Rioja Alta, the result of a selection from our best vineyards, combined with our extensive experience in wine making giving rise to a unique wine in a unique land.<\/p>\n\n                                <div class=\"span_12 caracteristicas\">\n                                                                            <div class=\"columna\">\n                                            <div class=\"titular\">\n                                                <img decoding=\"async\" src=\"\/wp-content\/themes\/salient\/dewenir\/resources\/uva.png\">\n                                                <span>Grape<\/span>\n                                            <\/div>\n                                            <p>90% Tempranillo, 10% Mazuelo.<\/p>\n                                        <\/div>\n                                                                                                                <div class=\"columna\">\n                                            <div class=\"titular\">\n                                                <img decoding=\"async\" src=\"\/wp-content\/themes\/salient\/dewenir\/resources\/suelo.png\">\n                                                <span>Soil<\/span>\n                                            <\/div>\n                                            <p><p>Middle zone.<br \/>\nAltitude 500m.<br \/>\nSandy loam soils with pebbles.<\/p>\n<\/p>\n                                        <\/div>\n                                                                                                                <div class=\"columna\">\n                                            <div class=\"titular\">\n                                                <img decoding=\"async\" src=\"\/wp-content\/themes\/salient\/dewenir\/resources\/crianza.png\">\n                                                <span>Ageing<\/span>\n                                            <\/div>\n                                            <p><p>12 months in 70% French and 30% American barrels.<\/p>\n<\/p>\n                                        <\/div>\n                                                                    <\/div> \n\n                                <div class=\"buttons\">\n                                    \n                                    <a href=\"https:\/\/www.monteabellon.com\/en\/nuestros-vinos\/ageing\/\" class=\"nectar-button see-through\"><span>Learn more<\/span><\/a>\n                                    <a href=\"https:\/\/www.monteabellon.com\/wp-content\/uploads\/2019\/07\/ATHUS_CRIANZA_Rioja_21_10-22-ENG-2.pdf\" target=\"_blank\" class=\"nectar-button see-through prueba\"><span>Download sheet<\/span><\/a>\n                                    <a class=\"button_shop\" href=\"\/en\/store\/ageing\">Purchase<\/a>                                <\/div>\n                                \n                            <\/div>\n                        <\/div>\n\n                    <\/div>\n\n                    <div class=\"col span_6 image\">\n\n                        <div class=\"wrapper\">\n\n                            \n                            <div class=\"img-with-aniamtion-wrap center\" style='background-image: url(\" https:\/\/www.monteabellon.com\/wp-content\/uploads\/2019\/12\/textura_rioja.jpg\")' >\n                                <div class=\"inner\">\n                                                                        <img decoding=\"async\" src=\"https:\/\/www.monteabellon.com\/wp-content\/uploads\/2020\/05\/Athus_cri_2017_monteabellon_20-11-20_sin_an\u0303ada.png\" alt=\"\" \/>\n                                <\/div>\n                            <\/div>\n\n                        <\/div>\n\n                    <\/div>\n                <\/div>\n            <\/div>\n\n            <\/div>\n\n[\/vc_column_text][\/vc_column][\/vc_row][vc_row type=&#8221;full_width_content&#8221; full_screen_row_position=&#8221;middle&#8221; scene_position=&#8221;center&#8221; text_color=&#8221;dark&#8221; text_align=&#8221;left&#8221; overlay_strength=&#8221;0.3&#8243; shape_divider_position=&#8221;bottom&#8221; bg_image_animation=&#8221;none&#8221; shape_type=&#8221;&#8221;][vc_column column_padding=&#8221;no-extra-padding&#8221; column_padding_position=&#8221;all&#8221; background_color_opacity=&#8221;1&#8243; background_hover_color_opacity=&#8221;1&#8243; column_link_target=&#8221;_self&#8221; column_shadow=&#8221;none&#8221; column_border_radius=&#8221;none&#8221; width=&#8221;1\/1&#8243; tablet_width_inherit=&#8221;default&#8221; tablet_text_alignment=&#8221;default&#8221; phone_text_alignment=&#8221;default&#8221; column_border_width=&#8221;none&#8221; column_border_style=&#8221;solid&#8221; bg_image_animation=&#8221;none&#8221;][vc_column_text el_class=&#8221;floating-text&#8221;]Bodegas y Vi\u00f1edos Monteabell\u00f3n[\/vc_column_text]<div class=\"img-with-aniamtion-wrap fullwidth \" data-max-width=\"100%\" data-border-radius=\"none\"><div class=\"inner\"><img loading=\"lazy\" decoding=\"async\" data-shadow=\"none\" data-shadow-direction=\"middle\" class=\"img-with-animation skip-lazy\" data-delay=\"0\" height=\"624\" width=\"1366\"  data-animation=\"fade-in\" src=\"https:\/\/www.monteabellon.com\/wp-content\/uploads\/2019\/07\/monteabellon-barricas.jpg\"  alt=\"Barricas\" \/><\/div><\/div>[\/vc_column][\/vc_row][vc_row type=&#8221;in_container&#8221; full_screen_row_position=&#8221;middle&#8221; scene_position=&#8221;center&#8221; text_color=&#8221;dark&#8221; text_align=&#8221;left&#8221; class=&#8221;init-do&#8221; id=&#8221;do-rueda&#8221; overlay_strength=&#8221;0.3&#8243; shape_divider_position=&#8221;bottom&#8221; bg_image_animation=&#8221;none&#8221; shape_type=&#8221;&#8221;][vc_column column_padding=&#8221;no-extra-padding&#8221; column_padding_position=&#8221;all&#8221; background_color_opacity=&#8221;1&#8243; background_hover_color_opacity=&#8221;1&#8243; column_link_target=&#8221;_self&#8221; column_shadow=&#8221;none&#8221; column_border_radius=&#8221;none&#8221; width=&#8221;1\/1&#8243; tablet_width_inherit=&#8221;default&#8221; tablet_text_alignment=&#8221;default&#8221; phone_text_alignment=&#8221;default&#8221; column_border_width=&#8221;none&#8221; column_border_style=&#8221;solid&#8221; bg_image_animation=&#8221;none&#8221;][vc_column_text el_class=&#8221;title&#8221;]\n<h2>D.O. RUEDA<\/h2>\n[\/vc_column_text][vc_column_text]\n\n    <div class=\"products\">\n        \n            \n                        \n\n            <div id=\"verdejo-\" class=\"product-item\">\n\n                <div class=\"row\">\n\n                    <div class=\"col span_6 text\">\n\n                        <div class=\"wrapper\">\n\n                            <div class=\"wpb_text_column\">\n                                <h3>\n                                    Verdejo                                    <span class=\"detail\"> <\/span>\n                                <\/h3>\n\n                                <p>From one of the most noble and native varieties, the Verdejo grape, in the emblematic region of Rueda, outstanding for the excellence of its white wines, Monteabell\u00f3n Verdejo is born.<\/p>\n\n                                <div class=\"span_12 caracteristicas\">\n                                                                            <div class=\"columna\">\n                                            <div class=\"titular\">\n                                                <img decoding=\"async\" src=\"\/wp-content\/themes\/salient\/dewenir\/resources\/uva.png\">\n                                                <span>Grape<\/span>\n                                            <\/div>\n                                            <p> 100% Verdejo.<\/p>\n                                        <\/div>\n                                                                                                                <div class=\"columna\">\n                                            <div class=\"titular\">\n                                                <img decoding=\"async\" src=\"\/wp-content\/themes\/salient\/dewenir\/resources\/suelo.png\">\n                                                <span>Soil<\/span>\n                                            <\/div>\n                                            <p><p>Low zone.<br \/>\nAltitude 750m.<br \/>\nSandy loam soils with pebbles.<\/p>\n<\/p>\n                                        <\/div>\n                                                                                                        <\/div> \n\n                                <div class=\"buttons\">\n                                    \n                                    <a href=\"https:\/\/www.monteabellon.com\/en\/nuestros-vinos\/verdejo\/\" class=\"nectar-button see-through\"><span>Learn more<\/span><\/a>\n                                    <a href=\"https:\/\/www.monteabellon.com\/wp-content\/uploads\/2020\/05\/Monteabellon_verdejo_2025_ENG-1.pdf\" target=\"_blank\" class=\"nectar-button see-through prueba\"><span>Download sheet<\/span><\/a>\n                                    <a class=\"button_shop\" href=\"\/en\/store\/verdejo\">Purchase<\/a>                                <\/div>\n                                \n                            <\/div>\n                        <\/div>\n\n                    <\/div>\n\n                    <div class=\"col span_6 image\">\n\n                        <div class=\"wrapper\">\n\n                            \n                            <div class=\"img-with-aniamtion-wrap center\" style='background-image: url(\" https:\/\/www.monteabellon.com\/wp-content\/uploads\/2019\/12\/textura_rueda.jpg\")' >\n                                <div class=\"inner\">\n                                                                        <img decoding=\"async\" src=\"https:\/\/www.monteabellon.com\/wp-content\/uploads\/2019\/07\/rueda.png\" alt=\"\" \/>\n                                <\/div>\n                            <\/div>\n\n                        <\/div>\n\n                    <\/div>\n                <\/div>\n            <\/div>\n\n            <\/div>\n\n[\/vc_column_text][\/vc_column][\/vc_row][vc_row type=&#8221;full_width_content&#8221; full_screen_row_position=&#8221;middle&#8221; scene_position=&#8221;center&#8221; text_color=&#8221;dark&#8221; text_align=&#8221;left&#8221; overlay_strength=&#8221;0.3&#8243; shape_divider_position=&#8221;bottom&#8221; bg_image_animation=&#8221;none&#8221; shape_type=&#8221;&#8221;][vc_column column_padding=&#8221;no-extra-padding&#8221; column_padding_position=&#8221;all&#8221; background_color_opacity=&#8221;1&#8243; background_hover_color_opacity=&#8221;1&#8243; column_link_target=&#8221;_self&#8221; column_shadow=&#8221;none&#8221; column_border_radius=&#8221;none&#8221; width=&#8221;1\/1&#8243; tablet_width_inherit=&#8221;default&#8221; tablet_text_alignment=&#8221;default&#8221; phone_text_alignment=&#8221;default&#8221; column_border_width=&#8221;none&#8221; column_border_style=&#8221;solid&#8221; bg_image_animation=&#8221;none&#8221;]<div class=\"img-with-aniamtion-wrap fullwidth \" data-max-width=\"100%\" data-border-radius=\"none\"><div class=\"inner\"><img loading=\"lazy\" decoding=\"async\" data-shadow=\"none\" data-shadow-direction=\"middle\" class=\"img-with-animation skip-lazy\" data-delay=\"0\" height=\"1066\" width=\"1600\"  data-animation=\"fade-in\" src=\"https:\/\/www.monteabellon.com\/wp-content\/uploads\/2024\/11\/WhatsApp-Image-2024-11-13-at-12.29.15-5.jpeg\"  alt=\"\" \/><\/div><\/div>[\/vc_column][\/vc_row][vc_row type=&#8221;in_container&#8221; full_screen_row_position=&#8221;middle&#8221; scene_position=&#8221;center&#8221; text_color=&#8221;dark&#8221; text_align=&#8221;left&#8221; class=&#8221;init-do&#8221; id=&#8221;do-valdeorras&#8221; overlay_strength=&#8221;0.3&#8243; shape_divider_position=&#8221;bottom&#8221; bg_image_animation=&#8221;none&#8221; shape_type=&#8221;&#8221;][vc_column column_padding=&#8221;no-extra-padding&#8221; column_padding_position=&#8221;all&#8221; background_color_opacity=&#8221;1&#8243; background_hover_color_opacity=&#8221;1&#8243; column_link_target=&#8221;_self&#8221; column_shadow=&#8221;none&#8221; column_border_radius=&#8221;none&#8221; width=&#8221;1\/1&#8243; tablet_width_inherit=&#8221;default&#8221; tablet_text_alignment=&#8221;default&#8221; phone_text_alignment=&#8221;default&#8221; column_border_width=&#8221;none&#8221; column_border_style=&#8221;solid&#8221; bg_image_animation=&#8221;none&#8221;][vc_column_text el_class=&#8221;title&#8221;]\n<h2>DO VALDEORRAS<\/h2>\n[\/vc_column_text][vc_column_text]\n\n    <div class=\"products\">\n        \n            \n                        \n\n            <div id=\"al-oeste-do-monte-godello-\" class=\"product-item\">\n\n                <div class=\"row\">\n\n                    <div class=\"col span_6 text\">\n\n                        <div class=\"wrapper\">\n\n                            <div class=\"wpb_text_column\">\n                                <h3>\n                                    Al oeste do Monte Godello                                    <span class=\"detail\"> <\/span>\n                                <\/h3>\n\n                                <p>An elegant, mineral Godello from the Valdeorras DO, with notes of apple and dried flowers. Smooth and flavourful on the palate. Perfect with fish, cheese and cold appetisers.<\/p>\n\n                                <div class=\"span_12 caracteristicas\">\n                                                                            <div class=\"columna\">\n                                            <div class=\"titular\">\n                                                <img decoding=\"async\" src=\"\/wp-content\/themes\/salient\/dewenir\/resources\/uva.png\">\n                                                <span>Grape<\/span>\n                                            <\/div>\n                                            <p>Godello<\/p>\n                                        <\/div>\n                                                                                                                <div class=\"columna\">\n                                            <div class=\"titular\">\n                                                <img decoding=\"async\" src=\"\/wp-content\/themes\/salient\/dewenir\/resources\/suelo.png\">\n                                                <span>Soil<\/span>\n                                            <\/div>\n                                            <p><p>D. O. Valdeorras. Villages: Pet\u00edn, Larouco, Seoane, Vilardequinta<br \/>\nAltitude between 540 and 750 metres.<br \/>\nSoil: Granitic-slate.<\/p>\n<\/p>\n                                        <\/div>\n                                                                                                        <\/div> \n\n                                <div class=\"buttons\">\n                                    \n                                    <a href=\"https:\/\/www.monteabellon.com\/en\/nuestros-vinos\/al-oeste-do-monte-godello\/\" class=\"nectar-button see-through\"><span>Learn more<\/span><\/a>\n                                    <a href=\"https:\/\/www.monteabellon.com\/wp-content\/uploads\/2026\/02\/al-oste-do-monte-Godello-EN-1.pdf\" target=\"_blank\" class=\"nectar-button see-through prueba\"><span>Download sheet<\/span><\/a>\n                                    <a class=\"button_shop\" href=\"\/en\/store\/al-oeste-do-monte-godello\">Purchase<\/a>                                <\/div>\n                                \n                            <\/div>\n                        <\/div>\n\n                    <\/div>\n\n                    <div class=\"col span_6 image\">\n\n                        <div class=\"wrapper\">\n\n                            \n                            <div class=\"img-with-aniamtion-wrap center\" style='background-image: url(\" \")' >\n                                <div class=\"inner\">\n                                                                        <img decoding=\"async\" src=\"https:\/\/www.monteabellon.com\/wp-content\/uploads\/2025\/06\/Monte-Godello-1-1.png\" alt=\"\" \/>\n                                <\/div>\n                            <\/div>\n\n                        <\/div>\n\n                    <\/div>\n                <\/div>\n            <\/div>\n\n            <\/div>\n\n[\/vc_column_text][\/vc_column][\/vc_row][vc_row type=&#8221;full_width_content&#8221; full_screen_row_position=&#8221;middle&#8221; scene_position=&#8221;center&#8221; text_color=&#8221;dark&#8221; text_align=&#8221;left&#8221; overlay_strength=&#8221;0.3&#8243; shape_divider_position=&#8221;bottom&#8221; bg_image_animation=&#8221;none&#8221; shape_type=&#8221;&#8221;][vc_column column_padding=&#8221;no-extra-padding&#8221; column_padding_position=&#8221;all&#8221; background_color_opacity=&#8221;1&#8243; background_hover_color_opacity=&#8221;1&#8243; column_link_target=&#8221;_self&#8221; column_shadow=&#8221;none&#8221; column_border_radius=&#8221;none&#8221; width=&#8221;1\/1&#8243; tablet_width_inherit=&#8221;default&#8221; tablet_text_alignment=&#8221;default&#8221; phone_text_alignment=&#8221;default&#8221; column_border_width=&#8221;none&#8221; column_border_style=&#8221;solid&#8221; bg_image_animation=&#8221;none&#8221;]<div class=\"img-with-aniamtion-wrap fullwidth \" data-max-width=\"100%\" data-border-radius=\"none\"><div class=\"inner\"><img loading=\"lazy\" decoding=\"async\" data-shadow=\"none\" data-shadow-direction=\"middle\" class=\"img-with-animation skip-lazy\" data-delay=\"0\" height=\"604\" width=\"1478\"  data-animation=\"fade-in\" src=\"https:\/\/www.monteabellon.com\/wp-content\/uploads\/2025\/06\/Suelo-Godello.webp\"  alt=\"\" \/><\/div><\/div>[\/vc_column][\/vc_row][vc_row type=&#8221;in_container&#8221; full_screen_row_position=&#8221;middle&#8221; scene_position=&#8221;center&#8221; text_color=&#8221;dark&#8221; text_align=&#8221;left&#8221; class=&#8221;init-do&#8221; id=&#8221;do-rias-baixas&#8221; overlay_strength=&#8221;0.3&#8243; shape_divider_position=&#8221;bottom&#8221; bg_image_animation=&#8221;none&#8221; shape_type=&#8221;&#8221;][vc_column column_padding=&#8221;no-extra-padding&#8221; column_padding_position=&#8221;all&#8221; background_color_opacity=&#8221;1&#8243; background_hover_color_opacity=&#8221;1&#8243; column_link_target=&#8221;_self&#8221; column_shadow=&#8221;none&#8221; column_border_radius=&#8221;none&#8221; width=&#8221;1\/1&#8243; tablet_width_inherit=&#8221;default&#8221; tablet_text_alignment=&#8221;default&#8221; phone_text_alignment=&#8221;default&#8221; column_border_width=&#8221;none&#8221; column_border_style=&#8221;solid&#8221; bg_image_animation=&#8221;none&#8221;][vc_column_text el_class=&#8221;title&#8221;]\n<h2>DO R\u00cdAS BA\u00cdXAS<\/h2>\n[\/vc_column_text][vc_column_text]\n\n    <div class=\"products\">\n        \n            \n                        \n\n            <div id=\"al-oeste-do-monte-albarino-\" class=\"product-item\">\n\n                <div class=\"row\">\n\n                    <div class=\"col span_6 text\">\n\n                        <div class=\"wrapper\">\n\n                            <div class=\"wpb_text_column\">\n                                <h3>\n                                    Al oeste do Monte Albari\u00f1o                                    <span class=\"detail\"> <\/span>\n                                <\/h3>\n\n                                <p>A fresh and persistent Albari\u00f1o from the Saln\u00e9s subzone, in the R\u00edas Baixas DO. With floral and citrus aromas. Ideal with seafood, white fish, sushi or mild cheeses.<\/p>\n\n                                <div class=\"span_12 caracteristicas\">\n                                                                            <div class=\"columna\">\n                                            <div class=\"titular\">\n                                                <img decoding=\"async\" src=\"\/wp-content\/themes\/salient\/dewenir\/resources\/uva.png\">\n                                                <span>Grape<\/span>\n                                            <\/div>\n                                            <p>Albari\u00f1o<\/p>\n                                        <\/div>\n                                                                                                                <div class=\"columna\">\n                                            <div class=\"titular\">\n                                                <img decoding=\"async\" src=\"\/wp-content\/themes\/salient\/dewenir\/resources\/suelo.png\">\n                                                <span>Soil<\/span>\n                                            <\/div>\n                                            <p><p>Region: D.O. R\u00edas Baixas.<br \/>\nSubzone: Valle del Saln\u00e9s (Cambados)<br \/>\nSoil: Granitic<br \/>\nAtlantic climate.<br \/>\nAltitude below 100 metres<\/p>\n<\/p>\n                                        <\/div>\n                                                                                                        <\/div> \n\n                                <div class=\"buttons\">\n                                    \n                                    <a href=\"https:\/\/www.monteabellon.com\/en\/nuestros-vinos\/al-oeste-do-monte-albarino\/\" class=\"nectar-button see-through\"><span>Learn more<\/span><\/a>\n                                    <a href=\"https:\/\/www.monteabellon.com\/wp-content\/uploads\/2025\/06\/al-oeste-do-monte-albarino-EN-2.pdf\" target=\"_blank\" class=\"nectar-button see-through prueba\"><span>Download sheet<\/span><\/a>\n                                    <a class=\"button_shop\" href=\"\/en\/store\/al-oeste-do-monte-albarino\">Purchase<\/a>                                <\/div>\n                                \n                            <\/div>\n                        <\/div>\n\n                    <\/div>\n\n                    <div class=\"col span_6 image\">\n\n                        <div class=\"wrapper\">\n\n                            \n                            <div class=\"img-with-aniamtion-wrap center\" style='background-image: url(\" \")' >\n                                <div class=\"inner\">\n                                                                        <img decoding=\"async\" src=\"https:\/\/www.monteabellon.com\/wp-content\/uploads\/2025\/06\/Monte-Albarino-1.png\" alt=\"\" \/>\n                                <\/div>\n                            <\/div>\n\n                        <\/div>\n\n                    <\/div>\n                <\/div>\n            <\/div>\n\n            <\/div>\n\n[\/vc_column_text][\/vc_column][\/vc_row][vc_row type=&#8221;full_width_background&#8221; full_screen_row_position=&#8221;middle&#8221; scene_position=&#8221;center&#8221; text_color=&#8221;dark&#8221; text_align=&#8221;left&#8221; overlay_strength=&#8221;0.3&#8243; shape_divider_position=&#8221;bottom&#8221; bg_image_animation=&#8221;none&#8221; shape_type=&#8221;&#8221;][vc_column column_padding=&#8221;no-extra-padding&#8221; column_padding_position=&#8221;all&#8221; background_color_opacity=&#8221;1&#8243; background_hover_color_opacity=&#8221;1&#8243; column_link_target=&#8221;_self&#8221; column_shadow=&#8221;none&#8221; column_border_radius=&#8221;none&#8221; width=&#8221;1\/1&#8243; tablet_width_inherit=&#8221;default&#8221; tablet_text_alignment=&#8221;default&#8221; phone_text_alignment=&#8221;default&#8221; column_border_width=&#8221;none&#8221; column_border_style=&#8221;solid&#8221; bg_image_animation=&#8221;none&#8221;][\/vc_column][\/vc_row]\n","protected":false},"excerpt":{"rendered":"<p>[vc_row type=&#8221;full_width_content&#8221; full_screen_row_position=&#8221;middle&#8221; scene_position=&#8221;center&#8221; text_color=&#8221;dark&#8221; text_align=&#8221;left&#8221; class=&#8221;row-slider&#8221; overlay_strength=&#8221;0.3&#8243; shape_divider_position=&#8221;bottom&#8221; bg_image_animation=&#8221;none&#8221; shape_type=&#8221;&#8221;][vc_column column_padding=&#8221;no-extra-padding&#8221; column_padding_position=&#8221;all&#8221; background_color_opacity=&#8221;1&#8243; background_hover_color_opacity=&#8221;1&#8243; column_link_target=&#8221;_self&#8221; column_shadow=&#8221;none&#8221; column_border_radius=&#8221;none&#8221; width=&#8221;1\/1&#8243; tablet_width_inherit=&#8221;default&#8221; tablet_text_alignment=&#8221;default&#8221; phone_text_alignment=&#8221;default&#8221; column_border_width=&#8221;none&#8221; column_border_style=&#8221;solid&#8221; bg_image_animation=&#8221;none&#8221;][nectar_btn size=&#8221;small&#8221; button_style=&#8221;regular&#8221; button_color_2=&#8221;Extra-Color-1&#8243; icon_family=&#8221;none&#8221; url=&#8221;\/en\/wine-tourism&#8221;&#8230;<\/p>\n","protected":false},"author":331,"featured_media":0,"parent":0,"menu_order":0,"comment_status":"closed","ping_status":"closed","template":"","meta":{"footnotes":""},"class_list":["post-1794","page","type-page","status-publish"],"_links":{"self":[{"href":"https:\/\/www.monteabellon.com\/en\/wp-json\/wp\/v2\/pages\/1794","targetHints":{"allow":["GET"]}}],"collection":[{"href":"https:\/\/www.monteabellon.com\/en\/wp-json\/wp\/v2\/pages"}],"about":[{"href":"https:\/\/www.monteabellon.com\/en\/wp-json\/wp\/v2\/types\/page"}],"author":[{"embeddable":true,"href":"https:\/\/www.monteabellon.com\/en\/wp-json\/wp\/v2\/users\/331"}],"replies":[{"embeddable":true,"href":"https:\/\/www.monteabellon.com\/en\/wp-json\/wp\/v2\/comments?post=1794"}],"version-history":[{"count":4,"href":"https:\/\/www.monteabellon.com\/en\/wp-json\/wp\/v2\/pages\/1794\/revisions"}],"predecessor-version":[{"id":5141,"href":"https:\/\/www.monteabellon.com\/en\/wp-json\/wp\/v2\/pages\/1794\/revisions\/5141"}],"wp:attachment":[{"href":"https:\/\/www.monteabellon.com\/en\/wp-json\/wp\/v2\/media?parent=1794"}],"curies":[{"name":"wp","href":"https:\/\/api.w.org\/{rel}","templated":true}]}}